{"id":1711,"date":"2022-09-02T13:55:22","date_gmt":"2022-09-02T11:55:22","guid":{"rendered":"http:\/\/piquets-julien.fr\/?page_id=1711"},"modified":"2023-02-27T12:18:14","modified_gmt":"2023-02-27T11:18:14","slug":"politique-de-confidentialite-2","status":"publish","type":"page","link":"https:\/\/piquets-julien.fr\/de\/politique-de-confidentialite-2\/","title":{"rendered":"Datenschutzrichtlinie"},"content":{"rendered":"<div data-elementor-type=\"wp-page\" data-elementor-id=\"1711\" class=\"elementor elementor-1711\">\n\t\t\t\t\t\t\t\t\t<section class=\"elementor-section elementor-top-section elementor-element elementor-element-14dc9b9 elementor-section-boxed elementor-section-height-default elementor-section-height-default\" data-id=\"14dc9b9\" data-element_type=\"section\">\n\t\t\t\t\t\t<div class=\"elementor-container elementor-column-gap-default\">\n\t\t\t\t\t<div class=\"elementor-column elementor-col-100 elementor-top-column elementor-element elementor-element-aae36a5\" data-id=\"aae36a5\" data-element_type=\"column\">\n\t\t\t<div class=\"elementor-widget-wrap elementor-element-populated\">\n\t\t\t\t\t\t\t\t<div class=\"elementor-element elementor-element-f7f6e2e elementor-widget elementor-widget-heading\" data-id=\"f7f6e2e\" data-element_type=\"widget\" data-widget_type=\"heading.default\">\n\t\t\t\t<div class=\"elementor-widget-container\">\n\t\t\t<style>\/*! elementor - v3.6.8 - 27-07-2022 *\/\n.elementor-heading-title{padding:0;margin:0;line-height:1}.elementor-widget-heading .elementor-heading-title[class*=elementor-size-]>a{color:inherit;font-size:inherit;line-height:inherit}.elementor-widget-heading .elementor-heading-title.elementor-size-small{font-size:15px}.elementor-widget-heading .elementor-heading-title.elementor-size-medium{font-size:19px}.elementor-widget-heading .elementor-heading-title.elementor-size-large{font-size:29px}.elementor-widget-heading .elementor-heading-title.elementor-size-xl{font-size:39px}.elementor-widget-heading .elementor-heading-title.elementor-size-xxl{font-size:59px}<\/style><h1 class=\"elementor-heading-title elementor-size-default\">Datenschutzrichtlinie<\/h1>\t\t<\/div>\n\t\t\t\t<\/div>\n\t\t\t\t<div class=\"elementor-element elementor-element-2bc650b elementor-widget elementor-widget-text-editor\" data-id=\"2bc650b\" data-element_type=\"widget\" data-widget_type=\"text-editor.default\">\n\t\t\t\t<div class=\"elementor-widget-container\">\n\t\t\t<style>\/*! elementor - v3.6.8 - 27-07-2022 *\/\n.elementor-widget-text-editor.elementor-drop-cap-view-stacked .elementor-drop-cap{background-color:#818a91;color:#fff}.elementor-widget-text-editor.elementor-drop-cap-view-framed .elementor-drop-cap{color:#818a91;border:3px solid;background-color:transparent}.elementor-widget-text-editor:not(.elementor-drop-cap-view-default) .elementor-drop-cap{margin-top:8px}.elementor-widget-text-editor:not(.elementor-drop-cap-view-default) .elementor-drop-cap-letter{width:1em;height:1em}.elementor-widget-text-editor .elementor-drop-cap{float:left;text-align:center;line-height:1;font-size:50px}.elementor-widget-text-editor .elementor-drop-cap-letter{display:inline-block}<\/style>\t\t\t\t<p><!-- wp:paragraph --> <\/p>\n<p>Das Unternehmen SAS JULIEN ist um die Rechte von Einzelpersonen besorgt, insbesondere im Hinblick auf automatisierte Datenverarbeitungen, und hat im Bestreben nach Transparenz gegen\u00fcber seinen Kunden eine Politik eingef\u00fchrt, die alle diese Datenverarbeitungen, die von ihnen verfolgten Zwecke sowie die den Einzelpersonen zur Verf\u00fcgung stehenden Handlungsm\u00f6glichkeiten auff\u00fchrt, damit sie ihre Rechte bestm\u00f6glich aus\u00fcben k\u00f6nnen.<\/p>\n<p> <!-- \/wp:paragraph --> <!-- wp:paragraph --> <\/p>\n<p>Weitere Informationen \u00fcber den Schutz personenbezogener Daten finden Sie unter: https:\/\/www.cnil.fr\/<\/p>\n<p> <!-- \/wp:paragraph --> <!-- wp:paragraph --> <\/p>\n<p>Die derzeit online verf\u00fcgbare Version dieser Nutzungsbedingungen ist w\u00e4hrend der gesamten Nutzungsdauer der Website und bis zu dem Zeitpunkt, an dem sie durch eine neue Version ersetzt wird, die einzig verbindliche Version.<\/p>\n<p> <!-- \/wp:paragraph --> <!-- wp:paragraph {\"fontSize\":\"medium\"} --> <\/p>\n<p><strong>Artikel 1 - Rechtliche Hinweise<\/strong><\/p>\n<p> <!-- \/wp:paragraph --> <!-- wp:paragraph --> <\/p>\n<p>1.1 Standort : <a href=\"https:\/\/piquets-julien.fr\/de\/\">http:\/\/piquets-julien.fr\/<\/a><\/p>\n<p> <!-- \/wp:paragraph --> <!-- wp:paragraph --> <\/p>\n<p>1.2 Herausgeber :<\/p>\n<p> <!-- \/wp:paragraph --> <!-- wp:paragraph --> <\/p>\n<p>Der Dienst wird von der SAS ARG Solutions, 120, rue Jean Dausset, herausgegeben,<\/p>\n<p> <!-- \/wp:paragraph --> <!-- wp:paragraph --> <\/p>\n<p>84140 AVIGNON<\/p>\n<p> <!-- \/wp:paragraph --> <!-- wp:paragraph --> <\/p>\n<p>Tel: 04 90 03 70 51<\/p>\n<p> <!-- \/wp:paragraph --> <!-- wp:paragraph --> <\/p>\n<p>Mail: contact@argsolutions.com<\/p>\n<p> <!-- \/wp:paragraph --> <!-- wp:paragraph --> <\/p>\n<p>1.3 Hosting :<\/p>\n<p> <!-- \/wp:paragraph --> <!-- wp:paragraph --> <\/p>\n<p>Das Hosting wird von OVH mit Sitz in: 2 rue Kellermann - 59100 ROUBAIX- Frankreich durchgef\u00fchrt.<\/p>\n<p> <!-- \/wp:paragraph --> <!-- wp:paragraph {\"fontSize\":\"medium\"} --> <\/p>\n<p><strong>Artikel 2 - Zugang zur Website<\/strong><\/p>\n<p> <!-- \/wp:paragraph --> <!-- wp:paragraph --> <\/p>\n<p>Der Zugang zur Website und ihre Nutzung sind ausschlie\u00dflich f\u00fcr den pers\u00f6nlichen Gebrauch bestimmt. Sie verpflichten sich, diese Website und die darin enthaltenen Informationen oder Daten nicht zu kommerziellen, politischen oder Werbezwecken sowie f\u00fcr jede Form von kommerzieller Werbung und insbesondere f\u00fcr das Versenden von unerw\u00fcnschten E-Mails zu nutzen.<\/p>\n<p> <!-- \/wp:paragraph --> <!-- wp:paragraph {\"fontSize\":\"medium\"} --> <\/p>\n<p><strong>Artikel 3 - Inhalt der Seite<\/strong><\/p>\n<p> <!-- \/wp:paragraph --> <!-- wp:paragraph --> <\/p>\n<p>Alle Marken, Fotografien, Texte, Kommentare, Illustrationen, animierte oder nicht animierte Bilder, Videosequenzen, T\u00f6ne sowie alle Computeranwendungen, die f\u00fcr das Funktionieren dieser Website verwendet werden k\u00f6nnten, und ganz allgemein alle auf der Website reproduzierten oder verwendeten Elemente sind durch die geltenden Gesetze zum Schutz des geistigen Eigentums gesch\u00fctzt.<\/p>\n<p> <!-- \/wp:paragraph --> <!-- wp:paragraph --> <\/p>\n<p>Sie sind das vollst\u00e4ndige und uneingeschr\u00e4nkte Eigentum des Herausgebers oder seiner Partner. Jede Vervielf\u00e4ltigung, Darstellung, Nutzung oder Anpassung, in welcher Form auch immer, aller oder eines Teils dieser Elemente, einschlie\u00dflich der Computeranwendungen, ohne die vorherige schriftliche Zustimmung des Herausgebers ist strengstens untersagt. Die Tatsache, dass der Herausgeber nicht sofort nach Kenntnisnahme dieser nicht genehmigten Nutzungen ein Verfahren einleitet, bedeutet nicht, dass er diese Nutzungen akzeptiert und auf eine Strafverfolgung verzichtet.<\/p>\n<p> <!-- \/wp:paragraph --> <!-- wp:paragraph {\"fontSize\":\"medium\"} --> <\/p>\n<p><strong>Artikel 4 - Verwaltung der Website<\/strong><\/p>\n<p> <!-- \/wp:paragraph --> <!-- wp:paragraph --> <\/p>\n<p>Zur ordnungsgem\u00e4\u00dfen Verwaltung der Website kann der Herausgeber jederzeit :<\/p>\n<p> <!-- \/wp:paragraph --> <!-- wp:list --> <\/p>\n<ul>\n<li>den Zugriff auf die gesamte oder einen Teil der Website auszusetzen, zu unterbrechen oder einzuschr\u00e4nken, den Zugriff auf die Website oder bestimmte Teile der Website einer bestimmten Kategorie von Internetnutzern vorzubehalten;<\/li>\n<li>Informationen zu l\u00f6schen, die den Betrieb st\u00f6ren k\u00f6nnten oder gegen nationale oder internationale Gesetze und Vorschriften versto\u00dfen;<\/li>\n<li>Die Website anhalten, um Aktualisierungen vorzunehmen.<\/li>\n<\/ul>\n<p> <!-- \/wp:list --> <!-- wp:paragraph {\"fontSize\":\"medium\"} --> <\/p>\n<p><strong>Artikel 5 - Verantwortlichkeiten<\/strong><\/p>\n<p> <!-- \/wp:paragraph --> <!-- wp:paragraph --> <\/p>\n<p>Der Herausgeber haftet nicht f\u00fcr Ausf\u00e4lle, Pannen, Schwierigkeiten oder Betriebsunterbrechungen, die den Zugang zur Website oder zu einer ihrer Funktionen verhindern.<\/p>\n<p> <!-- \/wp:paragraph --> <!-- wp:paragraph --> <\/p>\n<p>Die von Ihnen verwendete Hardware f\u00fcr die Verbindung mit der Website unterliegt Ihrer alleinigen Verantwortung. Sie m\u00fcssen alle geeigneten Ma\u00dfnahmen ergreifen, um Ihre Hardware und Ihre eigenen Daten insbesondere vor Virenangriffen \u00fcber das Internet zu sch\u00fctzen. Dar\u00fcber hinaus sind Sie allein verantwortlich f\u00fcr die Websites und Daten, die Sie aufrufen.<\/p>\n<p> <!-- \/wp:paragraph --> <!-- wp:paragraph --> <\/p>\n<p>Der Herausgeber haftet nicht f\u00fcr rechtliche Schritte gegen Sie:<\/p>\n<p> <!-- \/wp:paragraph --> <!-- wp:list --> <\/p>\n<ul>\n<li>Aufgrund der Nutzung der Website oder eines \u00fcber das Internet zug\u00e4nglichen Dienstes ;<\/li>\n<li>Aufgrund der Nichteinhaltung der vorliegenden Allgemeinen Gesch\u00e4ftsbedingungen durch Sie.<\/li>\n<\/ul>\n<p> <!-- \/wp:list --> <!-- wp:paragraph {\"fontSize\":\"medium\"} --> <\/p>\n<p><strong>Artikel 6 - Hyperlinks<\/strong><\/p>\n<p> <!-- \/wp:paragraph --> <!-- wp:paragraph --> <\/p>\n<p>Die Einrichtung von Hypertext-Links zu allen oder einem Teil der Website durch die Nutzer ist vom Herausgeber gestattet. Jeder Link muss auf einfache Anfrage des Herausgebers entfernt werden.<\/p>\n<p> <!-- \/wp:paragraph --> <!-- wp:paragraph --> <\/p>\n<p>Alle Informationen, die \u00fcber einen Link zu anderen Websites zug\u00e4nglich sind, werden nicht vom Herausgeber ver\u00f6ffentlicht. Der Herausgeber verf\u00fcgt \u00fcber keinerlei Rechte an den Inhalten, die in dem genannten Link enthalten sind.<\/p>\n<p> <!-- \/wp:paragraph --> <!-- wp:paragraph {\"fontSize\":\"medium\"} --> <\/p>\n<p><strong>Artikel 7 - Datenerhebung und -schutz<\/strong><\/p>\n<p> <!-- \/wp:paragraph --> <!-- wp:paragraph --> <\/p>\n<p>Einige Ihrer Daten werden von der Firma SAS JULIEN gesammelt.<\/p>\n<p> <!-- \/wp:paragraph --> <!-- wp:paragraph --> <\/p>\n<p>Gem\u00e4\u00df Artikel 4 Absatz 1 der Allgemeinen Datenschutzverordnung (EU 2016\/679 DSGVO) vom 27. April 2016 sind personenbezogene Daten definiert als : \"alle Informationen, die sich auf eine identifizierte oder identifizierbare nat\u00fcrliche Person (im Folgenden \"betroffene Person\") beziehen; als \"identifizierbare nat\u00fcrliche Person\" wird eine nat\u00fcrliche Person angesehen, die direkt oder indirekt, insbesondere mittels Zuordnung zu einer Kennung wie einem Namen, zu einer Kennnummer, zu Standortdaten, zu einer Online-Kennung oder zu einem oder mehreren besonderen Merkmalen identifiziert werden kann, die Ausdruck der physischen, physiologischen, genetischen, psychischen, wirtschaftlichen, kulturellen oder sozialen Identit\u00e4t dieser nat\u00fcrlichen Person sind.\"<\/p>\n<p> <!-- \/wp:paragraph --> <!-- wp:paragraph --> <\/p>\n<p>Die pers\u00f6nlichen Informationen, die auf der Website gesammelt werden k\u00f6nnen, werden vom Herausgeber haupts\u00e4chlich f\u00fcr die Verwaltung der Beziehungen zu Ihnen und gegebenenfalls f\u00fcr die Bearbeitung Ihrer Bestellungen verwendet.<\/p>\n<p> <!-- \/wp:paragraph --> <!-- wp:paragraph --> <\/p>\n<p>Die erhobenen personenbezogenen Daten sind folgende:<\/p>\n<p> <!-- \/wp:paragraph --> <!-- wp:list --> <\/p>\n<ul>\n<li>Name und Vorname<\/li>\n<li>Telefon<\/li>\n<li>E-Mail-Adresse<\/li>\n<li>Postleitzahl<\/li>\n<li>Unternehmen<\/li><li>Beruf<\/li>\n<\/ul>\n<p> <!-- \/wp:list --> <!-- wp:paragraph {\"fontSize\":\"medium\"} --> <\/p>\n<p><strong>Artikel 8 - Recht auf Zugang, Berichtigung und Auslistung Ihrer Daten<\/strong><\/p>\n<p> <!-- \/wp:paragraph --> <!-- wp:paragraph --> <\/p>\n<p>Gem\u00e4\u00df der Allgemeinen Datenschutzverordnung (EU 2016\/679, genannt \"DSGVO\") vom 27. April 2016, die seit dem 25. Mai 2018 in Kraft ist, haben die Nutzer folgende Rechte:<\/p>\n<p> <!-- \/wp:paragraph --> <!-- wp:paragraph --> <\/p>\n<p>Das Recht auf Zugang: Sie k\u00f6nnen ihr Recht auf Zugang aus\u00fcben, um zu erfahren, welche personenbezogenen Daten \u00fcber sie gespeichert sind, indem sie an die folgende E-Mail-Adresse schreiben. In diesem Fall kann der Herausgeber der Website vor der Aus\u00fcbung dieses Rechts einen Nachweis \u00fcber die Identit\u00e4t des Nutzers verlangen, um die Richtigkeit der Daten zu \u00fcberpr\u00fcfen.<\/p>\n<p> <!-- \/wp:paragraph --> <!-- wp:paragraph --> <\/p>\n<p>Das Recht auf Berichtigung: Wenn die vom Herausgeber gespeicherten personenbezogenen Daten unrichtig sind, k\u00f6nnen sie verlangen, dass die Informationen aktualisiert werden.<\/p>\n<p> <!-- \/wp:paragraph --> <!-- wp:paragraph --> <\/p>\n<p>Das Recht auf Datenl\u00f6schung: Nutzer k\u00f6nnen gem\u00e4\u00df den geltenden Datenschutzgesetzen die L\u00f6schung ihrer personenbezogenen Daten beantragen.<\/p>\n<p> <!-- \/wp:paragraph --> <!-- wp:paragraph --> <\/p>\n<p>Das Recht auf Einschr\u00e4nkung der Verarbeitung: Nutzer k\u00f6nnen vom Herausgeber verlangen, die Verarbeitung personenbezogener Daten gem\u00e4\u00df den in der DSGVO vorgesehenen Annahmen einzuschr\u00e4nken.<\/p>\n<p> <!-- \/wp:paragraph --> <!-- wp:paragraph --> <\/p>\n<p>Das Recht, der Verarbeitung von Daten zu widersprechen: Nutzer k\u00f6nnen der Verarbeitung ihrer Daten gem\u00e4\u00df den in der DSGVO vorgesehenen Annahmen widersprechen.<\/p>\n<p> <!-- \/wp:paragraph --> <!-- wp:paragraph --> <\/p>\n<p>Das Recht auf \u00dcbertragbarkeit: Sie k\u00f6nnen verlangen, dass der Herausgeber ihnen die personenbezogenen Daten, die er ihnen zur Verf\u00fcgung gestellt hat, zur \u00dcbertragung an eine neue Plattform in einer verwertbaren Form aush\u00e4ndigt.<\/p>\n<p> <!-- \/wp:paragraph --> <!-- wp:paragraph --> <\/p>\n<p>Sie k\u00f6nnen dieses Recht aus\u00fcben, indem Sie uns unter der folgenden Adresse kontaktieren:<\/p>\n<p> <!-- \/wp:paragraph --> <!-- wp:paragraph --> <\/p>\n<p>SAS JULIEN<\/p>\n<p> <!-- \/wp:paragraph --> <!-- wp:paragraph --> <\/p>\n<p>85 Chemin du thor, 84290 Cairanne<\/p>\n<p> <!-- \/wp:paragraph --> <!-- wp:paragraph --> <\/p>\n<p>Oder durch den&nbsp;<a href=\"https:\/\/piquets-julien.fr\/de\/contact\/\" target=\"_blank\" rel=\"noreferrer noopener\"><strong>Kontaktformular<\/strong><\/a><\/p>\n<p> <!-- \/wp:paragraph --> <!-- wp:paragraph --> <\/p>\n<p>Oder per E-Mail an contact@piquets-julien.fr<\/p>\n<p> <!-- \/wp:paragraph --> <!-- wp:paragraph --> <\/p>\n<p>Jedem Antrag muss die Fotokopie eines g\u00fcltigen, unterschriebenen Identit\u00e4tstitels beiliegen und die Adresse enthalten, unter der der Herausgeber den Antragsteller kontaktieren kann. Die Antwort wird innerhalb eines Monats nach Eingang des Antrags \u00fcbermittelt. Diese einmonatige Frist kann um zwei Monate verl\u00e4ngert werden, wenn die Komplexit\u00e4t des Antrags und\/oder die Anzahl der Antr\u00e4ge dies erfordern.<\/p>\n<p> <!-- \/wp:paragraph --> <!-- wp:paragraph --> <\/p>\n<p>Nutzer k\u00f6nnen auch eine Beschwerde bei der CNIL auf der CNIL-Website einreichen: https:\/\/www.cnil.fr.<\/p>\n<p> <!-- \/wp:paragraph --> <!-- wp:paragraph --> <\/p>\n<p>Wir empfehlen Ihnen, sich zun\u00e4chst an uns zu wenden, bevor Sie eine Beschwerde bei der CNIL einreichen, da wir Ihnen bei der L\u00f6sung Ihres Problems gerne behilflich sind.<\/p>\n<p> <!-- \/wp:paragraph --> <!-- wp:paragraph {\"fontSize\":\"medium\"} --> <\/p>\n<p><strong>Artikel 9 - Verwendung der Daten<\/strong><\/p>\n<p> <!-- \/wp:paragraph --> <!-- wp:paragraph --> <\/p>\n<p>Die von den Nutzern erhobenen personenbezogenen Daten dienen dem Zweck, die Dienste der Website zur Verf\u00fcgung zu stellen, sie zu verbessern und eine sichere Umgebung aufrechtzuerhalten. Die Rechtm\u00e4\u00dfigkeit der Verarbeitung beruht auf der vom Nutzer erteilten Einwilligung sowie auf dem berechtigten Interesse des Herausgebers (Artikel 6 1\u00b0 a) und f) DSGVO). Im Einzelnen werden folgende Nutzungen vorgenommen:<\/p>\n<p> <!-- \/wp:paragraph --> <!-- wp:list --> <\/p>\n<ul>\n<li>Zugang und Nutzung der Website durch den Nutzer ;<\/li>\n<li>Verwaltung des Betriebs und Optimierung der Website ;<\/li>\n<li>Organisation der Bedingungen f\u00fcr die Nutzung von Zahlungsdiensten ;<\/li>\n<li>\u00dcberpr\u00fcfung, Identifizierung und Authentifizierung der vom Nutzer \u00fcbermittelten Daten - Angebot an den Nutzer, mit anderen Nutzern der Website zu kommunizieren ;<\/li>\n<li>Implementierung von Nutzerunterst\u00fctzung ;<\/li>\n<li>Personalisierung von Diensten durch die Anzeige von Werbung, die auf dem Browserverlauf des Nutzers basiert und seinen Vorlieben entspricht ;<\/li>\n<li>Vorbeugung und Erkennung von Betrug, Malware und Sicherheitsvorf\u00e4llen ;<\/li>\n<li>Verwaltung m\u00f6glicher Streitigkeiten mit den Nutzern ;<\/li>\n<li>Senden von Gesch\u00e4fts- und Werbeinformationen, je nach den Vorlieben des Nutzers.<\/li>\n<\/ul>\n<p> <!-- \/wp:list --> <!-- wp:paragraph {\"fontSize\":\"medium\"} --> <\/p>\n<p><strong>Artikel 10 - Politik der Datenaufbewahrung<\/strong><\/p>\n<p> <!-- \/wp:paragraph --> <!-- wp:paragraph --> <\/p>\n<p>Der Herausgeber speichert Ihre Daten so lange, wie es notwendig ist, um Ihnen seine Dienste zur Verf\u00fcgung zu stellen oder Sie zu unterst\u00fctzen.<\/p>\n<p> <!-- \/wp:paragraph --> <!-- wp:paragraph --> <\/p>\n<p>Nichtsdestotrotz k\u00f6nnen wir einige Ihrer Informationen bei Bedarf auch aufbewahren, selbst nachdem Sie Ihr Konto geschlossen haben oder wir sie nicht mehr ben\u00f6tigen, um Ihnen Dienstleistungen zu erbringen <em>i.e<\/em> zur Erf\u00fcllung gesetzlicher oder beh\u00f6rdlicher Verpflichtungen, zur Beilegung von Streitigkeiten, zur Verhinderung von Betrug und Missbrauch oder zur Durchsetzung unserer Gesch\u00e4ftsbedingungen<a>. Diese Aufbewahrung richtet sich nach den oben genannten EU-Vorschriften.<\/a><\/p>\n<p> <!-- \/wp:paragraph --> <!-- wp:paragraph {\"fontSize\":\"medium\"} --> <\/p>\n<p><strong>Artikel 11- Weitergabe von personenbezogenen Daten an Dritte<\/strong><\/p>\n<p> <!-- \/wp:paragraph --> <!-- wp:paragraph --> <\/p>\n<p>Personenbezogene Daten k\u00f6nnen in folgenden F\u00e4llen an Drittunternehmen ausschlie\u00dflich in der Europ\u00e4ischen Union weitergegeben werden:<\/p>\n<p> <!-- \/wp:paragraph --> <!-- wp:list --> <\/p>\n<ul>\n<li>Wenn der Nutzer der Website eines Dritten den Zugriff auf seine Daten erlaubt ;<\/li>\n<li>Wenn es gesetzlich vorgeschrieben ist, kann der Herausgeber die \u00dcbermittlung von Daten vornehmen, um Beschwerden gegen den Herausgeber nachzugehen und beh\u00f6rdlichen und gerichtlichen Verfahren und Anordnungen nachzukommen;<\/li>\n<\/ul>\n<p> <!-- \/wp:list --> <!-- wp:paragraph {\"fontSize\":\"medium\"} --> <\/p>\n<p><strong>Artikel 12 - Kommerzielle Angebote<\/strong><\/p>\n<p> <!-- \/wp:paragraph --> <!-- wp:paragraph --> <\/p>\n<p>Die auf dieser Website verarbeiteten oder gesammelten Daten werden nicht f\u00fcr kommerzielle Zwecke verwendet.<\/p>\n<p> <!-- \/wp:paragraph --> <!-- wp:paragraph --> <\/p>\n<p><strong>Artikel 13 - Cookies<\/strong><\/p>\n<p> <!-- \/wp:paragraph --> <!-- wp:paragraph --> <\/p>\n<p><strong>Was ist ein \"Cookie\"?<\/strong><\/p>\n<p> <!-- \/wp:paragraph --> <!-- wp:paragraph --> <\/p>\n<p>Die CNIL definiert ein Cookie als \"eine kleine Datei, die von einem Server im Endger\u00e4t (Computer, Telefon usw.) eines Nutzers gespeichert wird und mit einer Webdomain (d. h. in den meisten F\u00e4llen mit allen Seiten einer Website) verkn\u00fcpft ist. Diese Datei wird bei weiteren Kontakten mit derselben Domain automatisch zur\u00fcckgesendet.\" <a>&nbsp;&nbsp;<\/a><\/p>\n<p> <!-- \/wp:paragraph --> <!-- wp:paragraph --> <\/p>\n<p>Bei der ersten Navigation auf dieser Website erscheint ein erkl\u00e4rendes Banner \u00fcber die Verwendung von \"Cookies\". Sie k\u00f6nnen diese dann akzeptieren, ablehnen oder ausw\u00e4hlen, welche Sie akzeptieren. Der Nutzer hat die M\u00f6glichkeit, Cookies zu deaktivieren und somit seine Zustimmung jederzeit \u00fcber die Einstellungen seines Browsers zur\u00fcckzuziehen. Cookies, die f\u00fcr das Funktionieren der Website unbedingt erforderlich sind, k\u00f6nnen hingegen nicht blockiert werden.&nbsp;<\/p>\n<p> <!-- \/wp:paragraph --> <!-- wp:paragraph --> <\/p>\n<p>Alle gesammelten Informationen werden nur dazu verwendet, das Volumen, die Art und das Muster des Verkehrs, der diese Website nutzt, zu verfolgen, das Design und Layout der Website weiterzuentwickeln und f\u00fcr andere Verwaltungs- und Planungszwecke sowie allgemein zur Verbesserung der Dienstleistungen, die wir Ihnen anbieten, zu nutzen.<\/p>\n<p> <!-- \/wp:paragraph --> <!-- wp:paragraph --> <\/p>\n<p>Sie k\u00f6nnen Ihre Auswahl jederzeit \u00e4ndern, indem Sie auf das Banner \"Dienstverwaltung\" in der unteren rechten Ecke Ihres Bildschirms klicken.<\/p>\n<p> <!-- \/wp:paragraph --> <!-- wp:paragraph --> <\/p>\n<p>Die folgenden Cookies k\u00f6nnen auf dieser Website vorhanden sein:<\/p>\n<p> <!-- \/wp:paragraph --> <!-- wp:paragraph --> <\/p>\n<p>Google Cookies :<\/p>\n<p> <!-- \/wp:paragraph --> <!-- wp:list --> <\/p>\n<ul>\n<li>Google analytics: Erm\u00f6glicht die Messung der Besucherzahlen der Website.<\/li>\n<li>Google tag manager: Erleichtert die Implementierung von Tags auf Seiten und erm\u00f6glicht die Verwaltung von Google Tags.&nbsp;&nbsp;<\/li>\n<\/ul>\n<p> <!-- \/wp:list --> <!-- wp:paragraph --> <\/p>\n<p>F\u00fcr weitere Informationen zur Verwendung, Verwaltung und L\u00f6schung von \"Cookies\" f\u00fcr alle Arten von Browsern verweisen wir auf den folgenden Link: https:\/\/www.cnil.fr\/fr\/cookies-les-outils-pour-les-maitriser.<\/p>\n<p> <!-- \/wp:paragraph --> <!-- wp:paragraph {\"fontSize\":\"medium\"} --> <\/p>\n<p><strong>Artikel 14 - Fotografien und Darstellung von Produkten<\/strong><\/p>\n<p> <!-- \/wp:paragraph --> <!-- wp:paragraph --> <\/p>\n<p>Die Produktfotografien, die die Beschreibung der Produkte begleiten, sind nicht vertraglich bindend und verpflichten den Herausgeber nicht.<\/p>\n<p> <!-- \/wp:paragraph --> <!-- wp:paragraph {\"fontSize\":\"medium\"} --> <\/p>\n<p><strong>Artikel 15 - Anwendbares Recht<\/strong><\/p>\n<p> <!-- \/wp:paragraph --> <!-- wp:paragraph --> <\/p>\n<p>Die vorliegende Datenschutzrichtlinie der Website unterliegt franz\u00f6sischem Recht und der Zust\u00e4ndigkeit der Gerichte am eingetragenen Sitz des Herausgebers, vorbehaltlich einer spezifischen Zust\u00e4ndigkeitszuweisung, die sich aus einem bestimmten Gesetzes- oder Verordnungstext ergibt.<\/p>\n<p> <!-- \/wp:paragraph --> <!-- wp:paragraph {\"fontSize\":\"medium\"} --> <\/p>\n<p><strong>Artikel 16 - Kontaktieren Sie uns<\/strong><\/p>\n<p> <!-- \/wp:paragraph --> <!-- wp:paragraph --> <\/p>\n<p>F\u00fcr weitere Informationen zu den vorliegenden Bedingungen k\u00f6nnen Sie SAS JULIEN unter der Telefonnummer 04 90 30 80 96 von Montag bis Freitag von 9 Uhr bis 17 Uhr oder per E-Mail unter contact@piquets-julien.fr kontaktieren.&nbsp;<\/p>\n<p> <!-- \/wp:paragraph --> <!-- wp:paragraph --> <\/p>\n<p>Es ist auch m\u00f6glich, ihn per Post am Firmensitz 85 Chemin du thor, 84290 Cairanne zu kontaktieren.<\/p>\n<p> <!-- \/wp:paragraph --><\/p>\t\t\t\t\t\t<\/div>\n\t\t\t\t<\/div>\n\t\t\t\t\t<\/div>\n\t\t<\/div>\n\t\t\t\t\t\t\t<\/div>\n\t\t<\/section>\n\t\t\t\t\t\t\t<\/div>","protected":false},"excerpt":{"rendered":"<p>Datenschutzrichtlinie Das Unternehmen SAS JULIEN ist um die Rechte von Einzelpersonen bem\u00fcht, insbesondere im Hinblick auf automatisierte Datenverarbeitungen, und m\u00f6chte seinen Kunden gegen\u00fcber transparent sein. Daher hat es eine Richtlinie eingef\u00fchrt, die alle diese Datenverarbeitungen, die von ihnen verfolgten Zwecke sowie die Handlungsm\u00f6glichkeiten f\u00fcr Einzelpersonen enth\u00e4lt, damit sie ihre Rechte wahrnehmen k\u00f6nnen.<\/p>\n<p class=\"read-more\"> <a class=\"\" href=\"https:\/\/piquets-julien.fr\/de\/politique-de-confidentialite-2\/\"> <span class=\"screen-reader-text\">Datenschutzrichtlinie<\/span> Weiterlesen \"<\/a><\/p>","protected":false},"author":3,"featured_media":0,"parent":0,"menu_order":0,"comment_status":"closed","ping_status":"closed","template":"","meta":{"site-sidebar-layout":"no-sidebar","site-content-layout":"page-builder","ast-global-header-display":"","ast-main-header-display":"","ast-hfb-above-header-display":"","ast-hfb-below-header-display":"","ast-hfb-mobile-header-display":"","site-post-title":"disabled","ast-breadcrumbs-content":"","ast-featured-img":"disabled","footer-sml-layout":"","theme-transparent-header-meta":"","adv-header-id-meta":"","stick-header-meta":"","header-above-stick-meta":"","header-main-stick-meta":"","header-below-stick-meta":"","footnotes":""},"class_list":["post-1711","page","type-page","status-publish","hentry"],"yoast_head":"<!-- This site is optimized with the Yoast SEO plugin v19.4 - https:\/\/yoast.com\/wordpress\/plugins\/seo\/ -->\n<title>Piquets Julien - Politique de confidentialit\u00e9<\/title>\n<meta name=\"description\" content=\"Retrouvez sur cette page notre politique de confidentialit\u00e9. Pour tout renseignement compl\u00e9mentaire,merci d&#039;utiliser le formulaire de contact.\" \/>\n<meta name=\"robots\" content=\"index, follow, max-snippet:-1, max-image-preview:large, max-video-preview:-1\" \/>\n<link rel=\"canonical\" href=\"https:\/\/piquets-julien.fr\/de\/politique-de-confidentialite-2\/\" \/>\n<meta property=\"og:locale\" content=\"de_DE\" \/>\n<meta property=\"og:type\" content=\"article\" \/>\n<meta property=\"og:title\" content=\"Piquets Julien - Politique de confidentialit\u00e9\" \/>\n<meta property=\"og:description\" content=\"Retrouvez sur cette page notre politique de confidentialit\u00e9. Pour tout renseignement compl\u00e9mentaire,merci d&#039;utiliser le formulaire de contact.\" \/>\n<meta property=\"og:url\" content=\"https:\/\/piquets-julien.fr\/de\/politique-de-confidentialite-2\/\" \/>\n<meta property=\"og:site_name\" content=\"Piquets Julien\" \/>\n<meta property=\"article:modified_time\" content=\"2023-02-27T11:18:14+00:00\" \/>\n<meta name=\"twitter:card\" content=\"summary_large_image\" \/>\n<meta name=\"twitter:label1\" content=\"Gesch\u00e4tzte Lesezeit\" \/>\n\t<meta name=\"twitter:data1\" content=\"10 Minuten\" \/>\n<script type=\"application\/ld+json\" class=\"yoast-schema-graph\">{\"@context\":\"https:\/\/schema.org\",\"@graph\":[{\"@type\":\"WebSite\",\"@id\":\"https:\/\/piquets-julien.fr\/#website\",\"url\":\"https:\/\/piquets-julien.fr\/\",\"name\":\"Piquets Julien\",\"description\":\"Fabricant de piquets en acier profil\u00e9 adapt\u00e9s \u00e0 votre m\u00e9tier\",\"potentialAction\":[{\"@type\":\"SearchAction\",\"target\":{\"@type\":\"EntryPoint\",\"urlTemplate\":\"https:\/\/piquets-julien.fr\/?s={search_term_string}\"},\"query-input\":\"required name=search_term_string\"}],\"inLanguage\":\"de-DE\"},{\"@type\":\"WebPage\",\"@id\":\"https:\/\/piquets-julien.fr\/politique-de-confidentialite-2\/\",\"url\":\"https:\/\/piquets-julien.fr\/politique-de-confidentialite-2\/\",\"name\":\"Piquets Julien - Politique de confidentialit\u00e9\",\"isPartOf\":{\"@id\":\"https:\/\/piquets-julien.fr\/#website\"},\"datePublished\":\"2022-09-02T11:55:22+00:00\",\"dateModified\":\"2023-02-27T11:18:14+00:00\",\"description\":\"Retrouvez sur cette page notre politique de confidentialit\u00e9. Pour tout renseignement compl\u00e9mentaire,merci d'utiliser le formulaire de contact.\",\"breadcrumb\":{\"@id\":\"https:\/\/piquets-julien.fr\/politique-de-confidentialite-2\/#breadcrumb\"},\"inLanguage\":\"de-DE\",\"potentialAction\":[{\"@type\":\"ReadAction\",\"target\":[\"https:\/\/piquets-julien.fr\/politique-de-confidentialite-2\/\"]}]},{\"@type\":\"BreadcrumbList\",\"@id\":\"https:\/\/piquets-julien.fr\/politique-de-confidentialite-2\/#breadcrumb\",\"itemListElement\":[{\"@type\":\"ListItem\",\"position\":1,\"name\":\"Accueil\",\"item\":\"https:\/\/piquets-julien.fr\/\"},{\"@type\":\"ListItem\",\"position\":2,\"name\":\"Politique de confidentialit\u00e9\"}]}]}<\/script>\n<!-- \/ Yoast SEO plugin. -->","yoast_head_json":{"title":"Piquets Julien - Politique de confidentialit\u00e9","description":"Retrouvez sur cette page notre politique de confidentialit\u00e9. Pour tout renseignement compl\u00e9mentaire,merci d'utiliser le formulaire de contact.","robots":{"index":"index","follow":"follow","max-snippet":"max-snippet:-1","max-image-preview":"max-image-preview:large","max-video-preview":"max-video-preview:-1"},"canonical":"https:\/\/piquets-julien.fr\/de\/politique-de-confidentialite-2\/","og_locale":"de_DE","og_type":"article","og_title":"Piquets Julien - Politique de confidentialit\u00e9","og_description":"Retrouvez sur cette page notre politique de confidentialit\u00e9. Pour tout renseignement compl\u00e9mentaire,merci d'utiliser le formulaire de contact.","og_url":"https:\/\/piquets-julien.fr\/de\/politique-de-confidentialite-2\/","og_site_name":"Piquets Julien","article_modified_time":"2023-02-27T11:18:14+00:00","twitter_card":"summary_large_image","twitter_misc":{"Gesch\u00e4tzte Lesezeit":"10 Minuten"},"schema":{"@context":"https:\/\/schema.org","@graph":[{"@type":"WebSite","@id":"https:\/\/piquets-julien.fr\/#website","url":"https:\/\/piquets-julien.fr\/","name":"Piquets Julien","description":"Fabricant de piquets en acier profil\u00e9 adapt\u00e9s \u00e0 votre m\u00e9tier","potentialAction":[{"@type":"SearchAction","target":{"@type":"EntryPoint","urlTemplate":"https:\/\/piquets-julien.fr\/?s={search_term_string}"},"query-input":"required name=search_term_string"}],"inLanguage":"de-DE"},{"@type":"WebPage","@id":"https:\/\/piquets-julien.fr\/politique-de-confidentialite-2\/","url":"https:\/\/piquets-julien.fr\/politique-de-confidentialite-2\/","name":"Piquets Julien - Politique de confidentialit\u00e9","isPartOf":{"@id":"https:\/\/piquets-julien.fr\/#website"},"datePublished":"2022-09-02T11:55:22+00:00","dateModified":"2023-02-27T11:18:14+00:00","description":"Retrouvez sur cette page notre politique de confidentialit\u00e9. Pour tout renseignement compl\u00e9mentaire,merci d'utiliser le formulaire de contact.","breadcrumb":{"@id":"https:\/\/piquets-julien.fr\/politique-de-confidentialite-2\/#breadcrumb"},"inLanguage":"de-DE","potentialAction":[{"@type":"ReadAction","target":["https:\/\/piquets-julien.fr\/politique-de-confidentialite-2\/"]}]},{"@type":"BreadcrumbList","@id":"https:\/\/piquets-julien.fr\/politique-de-confidentialite-2\/#breadcrumb","itemListElement":[{"@type":"ListItem","position":1,"name":"Accueil","item":"https:\/\/piquets-julien.fr\/"},{"@type":"ListItem","position":2,"name":"Politique de confidentialit\u00e9"}]}]}},"_links":{"self":[{"href":"https:\/\/piquets-julien.fr\/de\/wp-json\/wp\/v2\/pages\/1711"}],"collection":[{"href":"https:\/\/piquets-julien.fr\/de\/wp-json\/wp\/v2\/pages"}],"about":[{"href":"https:\/\/piquets-julien.fr\/de\/wp-json\/wp\/v2\/types\/page"}],"author":[{"embeddable":true,"href":"https:\/\/piquets-julien.fr\/de\/wp-json\/wp\/v2\/users\/3"}],"replies":[{"embeddable":true,"href":"https:\/\/piquets-julien.fr\/de\/wp-json\/wp\/v2\/comments?post=1711"}],"version-history":[{"count":5,"href":"https:\/\/piquets-julien.fr\/de\/wp-json\/wp\/v2\/pages\/1711\/revisions"}],"predecessor-version":[{"id":3417,"href":"https:\/\/piquets-julien.fr\/de\/wp-json\/wp\/v2\/pages\/1711\/revisions\/3417"}],"wp:attachment":[{"href":"https:\/\/piquets-julien.fr\/de\/wp-json\/wp\/v2\/media?parent=1711"}],"curies":[{"name":"wp","href":"https:\/\/api.w.org\/{rel}","templated":true}]}}